{"id":2008763,"date":"2022-05-24T12:03:33","date_gmt":"2022-07-11T09:15:24","guid":{"rendered":"https:\/\/nimblecamper.com\/renault-grand-scenic-camper\/"},"modified":"2024-01-31T09:24:00","modified_gmt":"2024-01-31T09:24:00","slug":"renault-grand-scenic-camper","status":"publish","type":"product","link":"https:\/\/nimblecamper.com\/de\/renault-grand-scenic-camper\/","title":{"rendered":"Renault Grand Scenic Camper"},"content":{"rendered":"<style>.kb-row-layout-id1008246_ce60ee-9a > .kt-row-column-wrap{align-content:start;}:where(.kb-row-layout-id1008246_ce60ee-9a > .kt-row-column-wrap) > .wp-block-kadence-column{justify-content:start;}.kb-row-layout-id1008246_ce60ee-9a > .kt-row-column-wrap{column-gap:var(--global-kb-gap-md, 2rem);row-gap:var(--global-kb-gap-md, 2rem);padding-top:var(--global-kb-spacing-sm, 1.5rem);padding-bottom:var(--global-kb-spacing-sm, 1.5rem);grid-template-columns:repeat(2, minmax(0, 1fr));}.kb-row-layout-id1008246_ce60ee-9a > .kt-row-layout-overlay{opacity:0.30;}@media all and (max-width: 1024px){.kb-row-layout-id1008246_ce60ee-9a > .kt-row-column-wrap{grid-template-columns:repeat(2, minmax(0, 1fr));}}@media all and (max-width: 767px){.kb-row-layout-id1008246_ce60ee-9a > .kt-row-column-wrap{grid-template-columns:minmax(0, 1fr);}}<\/style><div class=\"kb-row-layout-wrap kb-row-layout-id1008246_ce60ee-9a alignnone wp-block-kadence-rowlayout\"><div class=\"kt-row-column-wrap kt-has-2-columns kt-row-layout-equal kt-tab-layout-inherit kt-mobile-layout-row kt-row-valign-top\">\n<style>.kadence-column1008246_2a25b0-82 > .kt-inside-inner-col,.kadence-column1008246_2a25b0-82 > .kt-inside-inner-col:before{border-top-left-radius:0px;border-top-right-radius:0px;border-bottom-right-radius:0px;border-bottom-left-radius:0px;}.kadence-column1008246_2a25b0-82 > .kt-inside-inner-col{column-gap:var(--global-kb-gap-sm, 1rem);}.kadence-column1008246_2a25b0-82 > .kt-inside-inner-col{flex-direction:column;}.kadence-column1008246_2a25b0-82 > .kt-inside-inner-col > .aligncenter{width:100%;}.kadence-column1008246_2a25b0-82 > .kt-inside-inner-col:before{opacity:0.3;}.kadence-column1008246_2a25b0-82{position:relative;}@media all and (max-width: 1024px){.kadence-column1008246_2a25b0-82 > .kt-inside-inner-col{flex-direction:column;justify-content:center;}}@media all and (max-width: 767px){.kadence-column1008246_2a25b0-82 > .kt-inside-inner-col{flex-direction:column;justify-content:center;}}<\/style>\n<div class=\"wp-block-kadence-column kadence-column1008246_2a25b0-82 inner-column-1\"><div class=\"kt-inside-inner-col\"><table class=\"woocommerce-product-attributes shop_attributes\" aria-label=\"Produktdetails\">\n\t\t\t<tr class=\"woocommerce-product-attributes-item woocommerce-product-attributes-item--attribute_pa_body-type\">\n\t\t\t<th class=\"woocommerce-product-attributes-item__label\" scope=\"row\">Aufbautyp<\/th>\n\t\t\t<td class=\"woocommerce-product-attributes-item__value\"><p><a href=\"https:\/\/nimblecamper.com\/de\/body-type\/mpv-minivan-de\/\" rel=\"tag\">Hochdachkombi<\/a><\/p>\n<\/td>\n\t\t<\/tr>\n\t\t\t<tr class=\"woocommerce-product-attributes-item woocommerce-product-attributes-item--attribute_pa_boot-length\">\n\t\t\t<th class=\"woocommerce-product-attributes-item__label\" scope=\"row\">Kofferrauml&auml;nge (cm)<\/th>\n\t\t\t<td class=\"woocommerce-product-attributes-item__value\"><p>183<\/p>\n<\/td>\n\t\t<\/tr>\n\t\t\t<tr class=\"woocommerce-product-attributes-item woocommerce-product-attributes-item--attribute_pa_boot-height\">\n\t\t\t<th class=\"woocommerce-product-attributes-item__label\" scope=\"row\">Kofferraumh&ouml;he (cm)<\/th>\n\t\t\t<td class=\"woocommerce-product-attributes-item__value\"><p>93<\/p>\n<\/td>\n\t\t<\/tr>\n\t\t\t<tr class=\"woocommerce-product-attributes-item woocommerce-product-attributes-item--attribute_pa_boot-width\">\n\t\t\t<th class=\"woocommerce-product-attributes-item__label\" scope=\"row\">Kofferraumbreite [Radk&auml;sten] (cm)<\/th>\n\t\t\t<td class=\"woocommerce-product-attributes-item__value\"><p>109<\/p>\n<\/td>\n\t\t<\/tr>\n\t\t\t<tr class=\"woocommerce-product-attributes-item woocommerce-product-attributes-item--attribute_pa_make\">\n\t\t\t<th class=\"woocommerce-product-attributes-item__label\" scope=\"row\">Marke<\/th>\n\t\t\t<td class=\"woocommerce-product-attributes-item__value\"><p><a href=\"https:\/\/nimblecamper.com\/de\/make\/renault-de\/\" rel=\"tag\">Renault<\/a><\/p>\n<\/td>\n\t\t<\/tr>\n\t\t\t<tr class=\"woocommerce-product-attributes-item woocommerce-product-attributes-item--attribute_pa_comfort-rating\">\n\t\t\t<th class=\"woocommerce-product-attributes-item__label\" scope=\"row\">Komfortbewertung<\/th>\n\t\t\t<td class=\"woocommerce-product-attributes-item__value\"><p>1.5<\/p>\n<\/td>\n\t\t<\/tr>\n\t\t\t<tr class=\"woocommerce-product-attributes-item woocommerce-product-attributes-item--attribute_pa_consumption-l-100km\">\n\t\t\t<th class=\"woocommerce-product-attributes-item__label\" scope=\"row\">Verbrauch l\/100km<\/th>\n\t\t\t<td class=\"woocommerce-product-attributes-item__value\"><p>6.7<\/p>\n<\/td>\n\t\t<\/tr>\n\t\t\t<tr class=\"woocommerce-product-attributes-item woocommerce-product-attributes-item--attribute_pa_consumption-mpg-uk\">\n\t\t\t<th class=\"woocommerce-product-attributes-item__label\" scope=\"row\">Verbrauch MPG (UK)<\/th>\n\t\t\t<td class=\"woocommerce-product-attributes-item__value\"><p>42<\/p>\n<\/td>\n\t\t<\/tr>\n\t\t\t<tr class=\"woocommerce-product-attributes-item woocommerce-product-attributes-item--attribute_pa_available-in\">\n\t\t\t<th class=\"woocommerce-product-attributes-item__label\" scope=\"row\">Verf&uuml;gbar in<\/th>\n\t\t\t<td class=\"woocommerce-product-attributes-item__value\"><p><a href=\"https:\/\/nimblecamper.com\/de\/available-in\/eu-de\/\" rel=\"tag\">EU<\/a><\/p>\n<\/td>\n\t\t<\/tr>\n\t\t\t<tr class=\"woocommerce-product-attributes-item woocommerce-product-attributes-item--attribute_pa_engine-type\">\n\t\t\t<th class=\"woocommerce-product-attributes-item__label\" scope=\"row\">Motortyp<\/th>\n\t\t\t<td class=\"woocommerce-product-attributes-item__value\"><p><a href=\"https:\/\/nimblecamper.com\/de\/engine-type\/verbrennung\/\" rel=\"tag\">Verbrennung<\/a><\/p>\n<\/td>\n\t\t<\/tr>\n\t\t\t<tr class=\"woocommerce-product-attributes-item woocommerce-product-attributes-item--attribute_pa_nc-rating\">\n\t\t\t<th class=\"woocommerce-product-attributes-item__label\" scope=\"row\">NimbleCamper Bewertung (von max. 5)<\/th>\n\t\t\t<td class=\"woocommerce-product-attributes-item__value\"><p><a href=\"https:\/\/nimblecamper.com\/de\/nc-rating\/2-9-de\/\" rel=\"tag\">2.9<\/a><\/p>\n<\/td>\n\t\t<\/tr>\n\t\t\t<tr class=\"woocommerce-product-attributes-item woocommerce-product-attributes-item--attribute_pa_used-price\">\n\t\t\t<th class=\"woocommerce-product-attributes-item__label\" scope=\"row\">Durchschnittlicher Gebrauchtpreis, GBP (2015)<\/th>\n\t\t\t<td class=\"woocommerce-product-attributes-item__value\"><p>9621<\/p>\n<\/td>\n\t\t<\/tr>\n\t\t\t<tr class=\"woocommerce-product-attributes-item woocommerce-product-attributes-item--attribute_pa_boot-door-type\">\n\t\t\t<th class=\"woocommerce-product-attributes-item__label\" scope=\"row\">Kofferraumt&uuml;r<\/th>\n\t\t\t<td class=\"woocommerce-product-attributes-item__value\"><p><a href=\"https:\/\/nimblecamper.com\/de\/boot-door-type\/heckklappe\/\" rel=\"tag\">Heckklappe<\/a><\/p>\n<\/td>\n\t\t<\/tr>\n\t<\/table>\n\n\n\n<style>.wp-block-kadence-advancedheading.kt-adv-heading1008246_5e3850-25, .wp-block-kadence-advancedheading.kt-adv-heading1008246_5e3850-25[data-kb-block=\"kb-adv-heading1008246_5e3850-25\"]{font-style:normal;}.wp-block-kadence-advancedheading.kt-adv-heading1008246_5e3850-25 mark.kt-highlight, .wp-block-kadence-advancedheading.kt-adv-heading1008246_5e3850-25[data-kb-block=\"kb-adv-heading1008246_5e3850-25\"] mark.kt-highlight{font-style:normal;color:#f76a0c;-webkit-box-decoration-break:clone;box-decoration-break:clone;padding-top:0px;padding-right:0px;padding-bottom:0px;padding-left:0px;}.wp-block-kadence-advancedheading.kt-adv-heading1008246_5e3850-25 img.kb-inline-image, .wp-block-kadence-advancedheading.kt-adv-heading1008246_5e3850-25[data-kb-block=\"kb-adv-heading1008246_5e3850-25\"] img.kb-inline-image{width:150px;vertical-align:baseline;}<\/style>\n<h2 class=\"kt-adv-heading1008246_5e3850-25 wp-block-kadence-advancedheading\" data-kb-block=\"kb-adv-heading1008246_5e3850-25\">Abmessungen des Renault Grand Scenic<\/h2>\n\n\n<style>.wp-block-kadence-advancedgallery .kb-gallery-type-grid.kb-gallery-id-1008246_8072f3-aa{margin:-5px;}.kb-gallery-type-grid.kb-gallery-id-1008246_8072f3-aa .kadence-blocks-gallery-item{padding:5px;}.kb-gallery-id-1008246_8072f3-aa .kadence-blocks-gallery-item .kb-gal-image-radius, .kb-gallery-id-1008246_8072f3-aa .kb-slide-item .kb-gal-image-radius img{border-radius:0px 0px 0px 0px;;}<\/style><div class=\"kb-gallery-wrap-id-1008246_8072f3-aa alignnone wp-block-kadence-advancedgallery\"><ul class=\"kb-gallery-ul kb-gallery-non-static kb-gallery-type-grid kb-gallery-id-1008246_8072f3-aa kb-gallery-caption-style-bottom-hover kb-gallery-filter-none kb-gallery-magnific-init\" data-image-filter=\"none\" data-item-selector=\".kadence-blocks-gallery-item\" data-lightbox-caption=\"true\" data-columns-xxl=\"1\" data-columns-xl=\"1\" data-columns-md=\"1\" data-columns-sm=\"1\" data-columns-xs=\"1\" data-columns-ss=\"1\"><li class=\"kadence-blocks-gallery-item\"><div class=\"kadence-blocks-gallery-item-inner\"><figure class=\"kb-gallery-figure kb-gallery-item-has-link kadence-blocks-gallery-item-hide-caption\"><a href=\"https:\/\/nimblecamper.com\/wp-content\/uploads\/2022\/02\/grand-scenic-boot-dimensions.webp\" class=\"kb-gallery-item-link\"   role=\"button\" aria-haspopup=\"dialog\"><div class=\"kb-gal-image-radius\"><div class=\"kb-gallery-image-contain kadence-blocks-gallery-intrinsic kb-gallery-image-ratio-land32 kb-has-image-ratio-land32\" ><img loading=\"lazy\" decoding=\"async\" src=\"https:\/\/nimblecamper.com\/wp-content\/uploads\/2022\/02\/grand-scenic-boot-dimensions.webp\" width=\"600\" height=\"400\" alt=\"\" data-full-image=\"https:\/\/nimblecamper.com\/wp-content\/uploads\/2022\/02\/grand-scenic-boot-dimensions.webp\" data-light-image=\"https:\/\/nimblecamper.com\/wp-content\/uploads\/2022\/02\/grand-scenic-boot-dimensions.webp\" data-id=\"1008241\" class=\"wp-image-1008241\" title=\"car camping - Nimblecamper.com\" srcset=\"https:\/\/nimblecamper.com\/wp-content\/uploads\/2022\/02\/grand-scenic-boot-dimensions.webp 600w, https:\/\/nimblecamper.com\/wp-content\/uploads\/2022\/02\/grand-scenic-boot-dimensions-300x200.webp 300w\" sizes=\"auto, (max-width: 600px) 100vw, 600px\" \/><\/div><\/div><\/a><\/figure><\/div><\/li><\/ul><\/div><\/div><\/div>\n\n\n<style>.kadence-column1008246_a68764-88 > .kt-inside-inner-col,.kadence-column1008246_a68764-88 > .kt-inside-inner-col:before{border-top-left-radius:0px;border-top-right-radius:0px;border-bottom-right-radius:0px;border-bottom-left-radius:0px;}.kadence-column1008246_a68764-88 > .kt-inside-inner-col{column-gap:var(--global-kb-gap-sm, 1rem);}.kadence-column1008246_a68764-88 > .kt-inside-inner-col{flex-direction:column;}.kadence-column1008246_a68764-88 > .kt-inside-inner-col > .aligncenter{width:100%;}.kadence-column1008246_a68764-88 > .kt-inside-inner-col:before{opacity:0.3;}.kadence-column1008246_a68764-88{position:relative;}@media all and (max-width: 1024px){.kadence-column1008246_a68764-88 > .kt-inside-inner-col{flex-direction:column;justify-content:center;}}@media all and (max-width: 767px){.kadence-column1008246_a68764-88 > .kt-inside-inner-col{flex-direction:column;justify-content:center;}}<\/style>\n<div class=\"wp-block-kadence-column kadence-column1008246_a68764-88 inner-column-2\"><div class=\"kt-inside-inner-col\"><style>.wp-block-kadence-advancedheading.kt-adv-heading1008246_eaeff1-34, .wp-block-kadence-advancedheading.kt-adv-heading1008246_eaeff1-34[data-kb-block=\"kb-adv-heading1008246_eaeff1-34\"]{padding-bottom:20px;font-style:normal;}.wp-block-kadence-advancedheading.kt-adv-heading1008246_eaeff1-34 mark.kt-highlight, .wp-block-kadence-advancedheading.kt-adv-heading1008246_eaeff1-34[data-kb-block=\"kb-adv-heading1008246_eaeff1-34\"] mark.kt-highlight{font-style:normal;color:#f76a0c;-webkit-box-decoration-break:clone;box-decoration-break:clone;padding-top:0px;padding-right:0px;padding-bottom:0px;padding-left:0px;}.wp-block-kadence-advancedheading.kt-adv-heading1008246_eaeff1-34 img.kb-inline-image, .wp-block-kadence-advancedheading.kt-adv-heading1008246_eaeff1-34[data-kb-block=\"kb-adv-heading1008246_eaeff1-34\"] img.kb-inline-image{width:150px;vertical-align:baseline;}<\/style>\n<h2 class=\"kt-adv-heading1008246_eaeff1-34 wp-block-kadence-advancedheading\" data-kb-block=\"kb-adv-heading1008246_eaeff1-34\">Schlafen im Renault Grand Scenic, DIY-Camping-Umbauten und verwandte Beitr\u00e4ge<\/h2>\n\n\n<style>.kb-posts-id-1008246_1b25bd-27 .entry.loop-entry .entry-header .entry-title{font-size:18px;line-height:1.2em;}.kb-posts-id-1008246_1b25bd-27 .loop-entry{background:transparent;box-shadow:none;}.kb-posts-id-1008246_1b25bd-27 .loop-entry > .entry-content-wrap{padding:0px;}.kb-posts-id-1008246_1b25bd-27 .loop-entry .post-thumbnail{margin-bottom:1em;}.kb-posts-id-1008246_1b25bd-27 .kb-post-list-item{display:grid;}<\/style><ul class=\"wp-block-kadence-posts kb-posts kadence-posts-list kb-posts-id-1008246_1b25bd-27 content-wrap grid-cols kb-posts-style-unboxed grid-sm-col-1 grid-lg-col-1 item-image-style-beside\"><li class=\"kb-post-list-item\">\n\t<article class=\"entry content-bg loop-entry post-2014816 post type-post status-publish format-standard has-post-thumbnail hentry category-berlingo-campingausbauten category-auto-schlafen-ausbau tag-citroen-de tag-picasso-de tag-renault-de tag-scenic-de\">\n\t\t\t\t<a aria-hidden=\"true\" tabindex=\"-1\" role=\"presentation\" class=\"post-thumbnail kadence-thumbnail-ratio-2-3\" href=\"https:\/\/nimblecamper.com\/de\/einfacher-renault-grand-scenic-citroen-picasso-camping-ausbau-fur-unter-200\/\" aria-label=\"Einfacher Renault Grand Scenic \/ Citroen Picasso Camping Ausbau f\u00fcr unter \u00a3200\">\n\t\t\t<div class=\"post-thumbnail-inner\">\n\t\t\t\t<img loading=\"lazy\" decoding=\"async\" width=\"300\" height=\"400\" src=\"https:\/\/nimblecamper.com\/wp-content\/uploads\/2023\/05\/grand-scenic-camping-conversion--300x400.webp\" class=\"attachment-medium size-medium wp-post-image\" alt=\"Einfacher Renault Grand Scenic \/ Citroen Picasso Camping Ausbau f\u00fcr unter \u00a3200\" srcset=\"https:\/\/nimblecamper.com\/wp-content\/uploads\/2023\/05\/grand-scenic-camping-conversion--300x400.webp 300w, https:\/\/nimblecamper.com\/wp-content\/uploads\/2023\/05\/grand-scenic-camping-conversion--768x1024.webp 768w, https:\/\/nimblecamper.com\/wp-content\/uploads\/2023\/05\/grand-scenic-camping-conversion--1152x1536.webp 1152w, https:\/\/nimblecamper.com\/wp-content\/uploads\/2023\/05\/grand-scenic-camping-conversion-.webp 1536w\" sizes=\"auto, (max-width: 300px) 100vw, 300px\" title=\"car camping - Nimblecamper.com\">\t\t\t<\/div>\n\t\t<\/a><!-- .post-thumbnail -->\n\t\t\t\t<div class=\"entry-content-wrap\">\n\t\t\t<header class=\"entry-header\">\n\t<h4 class=\"entry-title\"><a href=\"https:\/\/nimblecamper.com\/de\/einfacher-renault-grand-scenic-citroen-picasso-camping-ausbau-fur-unter-200\/\" rel=\"bookmark\">Einfacher Renault Grand Scenic \/ Citroen Picasso Camping Ausbau f\u00fcr unter \u00a3200<\/a><\/h4><\/header><!-- .entry-header -->\n\t<div class=\"entry-summary\">\n\t\t<p>Obwohl er f\u00fcr den Renault Grand Scenic gebaut wurde, eignet sich dieser Ausbau f\u00fcr jeden MPV, bei dem du die&#8230;<\/p>\n\t<\/div><!-- .entry-summary -->\n\t<footer class=\"entry-footer\">\n\t<\/footer><!-- .entry-footer -->\t\t<\/div>\n\t<\/article>\n<\/li>\n<li class=\"kb-post-list-item\">\n\t<article class=\"entry content-bg loop-entry post-2011285 post type-post status-publish format-standard has-post-thumbnail hentry category-kleinwagen tag-diy-de tag-kleines-wohnmobil tag-renault-de tag-twingo-de\">\n\t\t\t\t<a aria-hidden=\"true\" tabindex=\"-1\" role=\"presentation\" class=\"post-thumbnail kadence-thumbnail-ratio-2-3\" href=\"https:\/\/nimblecamper.com\/de\/renault-twingo-wohnmobil-selbstausbau\/\" aria-label=\"Renault Twingo Wohnmobil Selbstausbau\">\n\t\t\t<div class=\"post-thumbnail-inner\">\n\t\t\t\t<img loading=\"lazy\" decoding=\"async\" width=\"300\" height=\"182\" src=\"https:\/\/nimblecamper.com\/wp-content\/uploads\/2022\/07\/twingo-camping-conversion-camper_1657520893359-300x182.jpeg\" class=\"attachment-medium size-medium wp-post-image\" alt=\"Renault Twingo Wohnmobil Selbstausbau\" srcset=\"https:\/\/nimblecamper.com\/wp-content\/uploads\/2022\/07\/twingo-camping-conversion-camper_1657520893359-300x182.jpeg 300w, https:\/\/nimblecamper.com\/wp-content\/uploads\/2022\/07\/twingo-camping-conversion-camper_1657520893359-1024x622.jpeg 1024w, https:\/\/nimblecamper.com\/wp-content\/uploads\/2022\/07\/twingo-camping-conversion-camper_1657520893359-768x466.jpeg 768w, https:\/\/nimblecamper.com\/wp-content\/uploads\/2022\/07\/twingo-camping-conversion-camper_1657520893359.jpeg 1080w\" sizes=\"auto, (max-width: 300px) 100vw, 300px\" title=\"car camping - Nimblecamper.com\">\t\t\t<\/div>\n\t\t<\/a><!-- .post-thumbnail -->\n\t\t\t\t<div class=\"entry-content-wrap\">\n\t\t\t<header class=\"entry-header\">\n\t<h4 class=\"entry-title\"><a href=\"https:\/\/nimblecamper.com\/de\/renault-twingo-wohnmobil-selbstausbau\/\" rel=\"bookmark\">Renault Twingo Wohnmobil Selbstausbau<\/a><\/h4><\/header><!-- .entry-header -->\n\t<div class=\"entry-summary\">\n\t\t<p>Sie denken also, dass ein Twingo zu klein f\u00fcr Camping ist? Denken Sie noch einmal nach! Wie w\u00e4re es mit&#8230;<\/p>\n\t<\/div><!-- .entry-summary -->\n\t<footer class=\"entry-footer\">\n\t<\/footer><!-- .entry-footer -->\t\t<\/div>\n\t<\/article>\n<\/li>\n<\/ul>\n\n\n<div style=\"height:20px\" aria-hidden=\"true\" class=\"wp-block-spacer\"><\/div>\n\n\n<style>.kb-posts-id-1008246_5230e9-b8 .entry.loop-entry .entry-header .entry-title{font-size:18px;line-height:1.2em;}.kb-posts-id-1008246_5230e9-b8 .loop-entry{background:transparent;box-shadow:none;}.kb-posts-id-1008246_5230e9-b8 .loop-entry > .entry-content-wrap{padding:0px;}.kb-posts-id-1008246_5230e9-b8 .loop-entry .post-thumbnail{margin-bottom:1em;}.kb-posts-id-1008246_5230e9-b8 .kb-post-list-item{display:grid;}<\/style><ul class=\"wp-block-kadence-posts kb-posts kadence-posts-list kb-posts-id-1008246_5230e9-b8 content-wrap grid-cols kb-posts-style-unboxed grid-sm-col-1 grid-lg-col-1 item-image-style-beside\"><li class=\"kb-post-list-item\">\n\t<article class=\"entry content-bg loop-entry post-2021633 post type-post status-publish format-standard has-post-thumbnail hentry category-kleinwagen category-dacia-jogger-de category-medium-cars-suvs-de tag-dacia-de tag-diy-de tag-fiat-de tag-jogger-de tag-panda-de\">\n\t\t\t\t<a aria-hidden=\"true\" tabindex=\"-1\" role=\"presentation\" class=\"post-thumbnail kadence-thumbnail-ratio-2-3\" href=\"https:\/\/nimblecamper.com\/de\/fiat-panda-mk3-als-wohnung-dacia-jogger-selbst-1-person-umbau-von-fabian\/\" aria-label=\"Fiat Panda Mk3 als Wohnung &amp; Dacia Jogger &#8211; Selbst 1-Person Umbau von Fabian\">\n\t\t\t<div class=\"post-thumbnail-inner\">\n\t\t\t\t<img loading=\"lazy\" decoding=\"async\" width=\"500\" height=\"257\" src=\"https:\/\/nimblecamper.com\/wp-content\/uploads\/2024\/07\/jogger-diy-camping-umbau-conversion-5-500x257.webp\" class=\"attachment-medium size-medium wp-post-image\" alt=\"Fiat Panda Mk3 als Wohnung &amp; Dacia Jogger &#8211; Selbst 1-Person Umbau von Fabian\" srcset=\"https:\/\/nimblecamper.com\/wp-content\/uploads\/2024\/07\/jogger-diy-camping-umbau-conversion-5-500x257.webp 500w, https:\/\/nimblecamper.com\/wp-content\/uploads\/2024\/07\/jogger-diy-camping-umbau-conversion-5-1024x527.webp 1024w, https:\/\/nimblecamper.com\/wp-content\/uploads\/2024\/07\/jogger-diy-camping-umbau-conversion-5-768x395.webp 768w, https:\/\/nimblecamper.com\/wp-content\/uploads\/2024\/07\/jogger-diy-camping-umbau-conversion-5.webp 1268w\" sizes=\"auto, (max-width: 500px) 100vw, 500px\" title=\"car camping - Nimblecamper.com\">\t\t\t<\/div>\n\t\t<\/a><!-- .post-thumbnail -->\n\t\t\t\t<div class=\"entry-content-wrap\">\n\t\t\t<header class=\"entry-header\">\n\t<h4 class=\"entry-title\"><a href=\"https:\/\/nimblecamper.com\/de\/fiat-panda-mk3-als-wohnung-dacia-jogger-selbst-1-person-umbau-von-fabian\/\" rel=\"bookmark\">Fiat Panda Mk3 als Wohnung &amp; Dacia Jogger &#8211; Selbst 1-Person Umbau von Fabian<\/a><\/h4><\/header><!-- .entry-header -->\n\t<div class=\"entry-summary\">\n\t\t<p>Hier sind zwei kreative Camping-Umbauten: Vom praktischen Fiat Panda-Camping-Umbau bis zum einfachen 1-Personen-Jogger-Setup von Fabian.<\/p>\n\t<\/div><!-- .entry-summary -->\n\t<footer class=\"entry-footer\">\n\t<\/footer><!-- .entry-footer -->\t\t<\/div>\n\t<\/article>\n<\/li>\n<li class=\"kb-post-list-item\">\n\t<article class=\"entry content-bg loop-entry post-2020961 post type-post status-publish format-standard has-post-thumbnail hentry category-auto-schlafen-ausbau category-kleinwagen tag-500-de tag-diy-de tag-fiat-de tag-panda-de tag-punto-de\">\n\t\t\t\t<a aria-hidden=\"true\" tabindex=\"-1\" role=\"presentation\" class=\"post-thumbnail kadence-thumbnail-ratio-2-3\" href=\"https:\/\/nimblecamper.com\/de\/fiat-panda-camping-ausbau-von-bill\/\" aria-label=\"Fiat Panda Camping-Ausbau DIY von Bill\">\n\t\t\t<div class=\"post-thumbnail-inner\">\n\t\t\t\t<img loading=\"lazy\" decoding=\"async\" width=\"500\" height=\"225\" src=\"https:\/\/nimblecamper.com\/wp-content\/uploads\/2024\/02\/Fiat-panda-camper-20240209_130709-500x225.webp\" class=\"attachment-medium size-medium wp-post-image\" alt=\"Fiat Panda Camping-Ausbau DIY von Bill\" srcset=\"https:\/\/nimblecamper.com\/wp-content\/uploads\/2024\/02\/Fiat-panda-camper-20240209_130709-500x225.webp 500w, https:\/\/nimblecamper.com\/wp-content\/uploads\/2024\/02\/Fiat-panda-camper-20240209_130709-1024x461.webp 1024w, https:\/\/nimblecamper.com\/wp-content\/uploads\/2024\/02\/Fiat-panda-camper-20240209_130709-768x346.webp 768w, https:\/\/nimblecamper.com\/wp-content\/uploads\/2024\/02\/Fiat-panda-camper-20240209_130709-1536x692.webp 1536w, https:\/\/nimblecamper.com\/wp-content\/uploads\/2024\/02\/Fiat-panda-camper-20240209_130709.webp 1959w\" sizes=\"auto, (max-width: 500px) 100vw, 500px\" title=\"car camping - Nimblecamper.com\">\t\t\t<\/div>\n\t\t<\/a><!-- .post-thumbnail -->\n\t\t\t\t<div class=\"entry-content-wrap\">\n\t\t\t<header class=\"entry-header\">\n\t<h4 class=\"entry-title\"><a href=\"https:\/\/nimblecamper.com\/de\/fiat-panda-camping-ausbau-von-bill\/\" rel=\"bookmark\">Fiat Panda Camping-Ausbau DIY von Bill<\/a><\/h4><\/header><!-- .entry-header -->\n\t<div class=\"entry-summary\">\n\t\t<p>Dieser DIY-Ausbau des Fiat Panda nutzt den vorhandenen Platz im Auto optimal aus. Bill Roberts zeigt uns, dass du auch&#8230;<\/p>\n\t<\/div><!-- .entry-summary -->\n\t<footer class=\"entry-footer\">\n\t<\/footer><!-- .entry-footer -->\t\t<\/div>\n\t<\/article>\n<\/li>\n<\/ul>\n\n<style>.wp-block-kadence-advancedbtn.kt-btns1008246_1659f6-11, .site .entry-content .wp-block-kadence-advancedbtn.kt-btns1008246_1659f6-11, .wp-block-kadence-advancedbtn.kb-btns1008246_1659f6-11, .site .entry-content .wp-block-kadence-advancedbtn.kb-btns1008246_1659f6-11{margin-top:40px;}.wp-block-kadence-advancedbtn.kb-btns1008246_1659f6-11{gap:var(--global-kb-gap-xs, 0.5rem );justify-content:flex-start;align-items:center;}.kt-btns1008246_1659f6-11 .kt-button{font-weight:normal;font-style:normal;}<\/style>\n<div class=\"wp-block-kadence-advancedbtn kb-buttons-wrap kb-btns1008246_1659f6-11\"><style>ul.menu .wp-block-kadence-advancedbtn .kb-btn1008246_adb878-62.kb-button{width:initial;}.wp-block-kadence-advancedbtn .kb-btn1008246_adb878-62.kb-button{color:#555555;border-top-color:#555555;border-top-style:solid;border-right-color:#555555;border-right-style:solid;border-bottom-color:#555555;border-bottom-style:solid;border-left-color:#555555;border-left-style:solid;}.wp-block-kadence-advancedbtn .kb-btn1008246_adb878-62.kb-button:hover, .wp-block-kadence-advancedbtn .kb-btn1008246_adb878-62.kb-button:focus{color:#ffffff;background:#444444;border-top-color:#444444;border-top-style:solid;border-right-color:#444444;border-right-style:solid;border-bottom-color:#444444;border-bottom-style:solid;border-left-color:#444444;border-left-style:solid;}@media all and (max-width: 1024px){.wp-block-kadence-advancedbtn .kb-btn1008246_adb878-62.kb-button{border-top-color:#555555;border-top-style:solid;border-right-color:#555555;border-right-style:solid;border-bottom-color:#555555;border-bottom-style:solid;border-left-color:#555555;border-left-style:solid;}}@media all and (max-width: 1024px){.wp-block-kadence-advancedbtn .kb-btn1008246_adb878-62.kb-button:hover, .wp-block-kadence-advancedbtn .kb-btn1008246_adb878-62.kb-button:focus{border-top-color:#444444;border-top-style:solid;border-right-color:#444444;border-right-style:solid;border-bottom-color:#444444;border-bottom-style:solid;border-left-color:#444444;border-left-style:solid;}}@media all and (max-width: 767px){.wp-block-kadence-advancedbtn .kb-btn1008246_adb878-62.kb-button{border-top-color:#555555;border-top-style:solid;border-right-color:#555555;border-right-style:solid;border-bottom-color:#555555;border-bottom-style:solid;border-left-color:#555555;border-left-style:solid;}.wp-block-kadence-advancedbtn .kb-btn1008246_adb878-62.kb-button:hover, .wp-block-kadence-advancedbtn .kb-btn1008246_adb878-62.kb-button:focus{border-top-color:#444444;border-top-style:solid;border-right-color:#444444;border-right-style:solid;border-bottom-color:#444444;border-bottom-style:solid;border-left-color:#444444;border-left-style:solid;}}<\/style><a class=\"kb-button kt-button button kb-btn1008246_adb878-62 kt-btn-size-standard kt-btn-width-type-auto kb-btn-global-outline  kt-btn-has-text-true kt-btn-has-svg-false  wp-block-kadence-singlebtn\" href=\"\/de\/tag\/renault\/\"><span class=\"kt-btn-inner-text\">Alle Renault-Posten<\/span><\/a>\n\n<style>ul.menu .wp-block-kadence-advancedbtn .kb-btn1008246_e66b80-5d.kb-button{width:initial;}<\/style><a class=\"kb-button kt-button button kb-btn1008246_e66b80-5d kt-btn-size-standard kt-btn-width-type-auto kb-btn-global-outline  kt-btn-has-text-true kt-btn-has-svg-false  wp-block-kadence-singlebtn\" href=\"https:\/\/nimblecamper.com\/category\/diy-car-camping-conversions\/\"><span class=\"kt-btn-inner-text\">Alle Selbst-Umbaubeitr\u00e4ge<\/span><\/a>\n\n<style>ul.menu .wp-block-kadence-advancedbtn .kb-btn1008246_72f386-d6.kb-button{width:initial;}.wp-block-kadence-advancedbtn .kb-btn1008246_72f386-d6.kb-button{color:#555555;border-top-color:#555555;border-top-style:solid;border-right-color:#555555;border-right-style:solid;border-bottom-color:#555555;border-bottom-style:solid;border-left-color:#555555;border-left-style:solid;}.wp-block-kadence-advancedbtn .kb-btn1008246_72f386-d6.kb-button:hover, .wp-block-kadence-advancedbtn .kb-btn1008246_72f386-d6.kb-button:focus{color:#ffffff;background:#444444;border-top-color:#444444;border-top-style:solid;border-right-color:#444444;border-right-style:solid;border-bottom-color:#444444;border-bottom-style:solid;border-left-color:#444444;border-left-style:solid;}@media all and (max-width: 1024px){.wp-block-kadence-advancedbtn .kb-btn1008246_72f386-d6.kb-button{border-top-color:#555555;border-top-style:solid;border-right-color:#555555;border-right-style:solid;border-bottom-color:#555555;border-bottom-style:solid;border-left-color:#555555;border-left-style:solid;}}@media all and (max-width: 1024px){.wp-block-kadence-advancedbtn .kb-btn1008246_72f386-d6.kb-button:hover, .wp-block-kadence-advancedbtn .kb-btn1008246_72f386-d6.kb-button:focus{border-top-color:#444444;border-top-style:solid;border-right-color:#444444;border-right-style:solid;border-bottom-color:#444444;border-bottom-style:solid;border-left-color:#444444;border-left-style:solid;}}@media all and (max-width: 767px){.wp-block-kadence-advancedbtn .kb-btn1008246_72f386-d6.kb-button{border-top-color:#555555;border-top-style:solid;border-right-color:#555555;border-right-style:solid;border-bottom-color:#555555;border-bottom-style:solid;border-left-color:#555555;border-left-style:solid;}.wp-block-kadence-advancedbtn .kb-btn1008246_72f386-d6.kb-button:hover, .wp-block-kadence-advancedbtn .kb-btn1008246_72f386-d6.kb-button:focus{border-top-color:#444444;border-top-style:solid;border-right-color:#444444;border-right-style:solid;border-bottom-color:#444444;border-bottom-style:solid;border-left-color:#444444;border-left-style:solid;}}<\/style><a class=\"kb-button kt-button button kb-btn1008246_72f386-d6 kt-btn-size-standard kt-btn-width-type-auto kb-btn-global-outline  kt-btn-has-text-true kt-btn-has-svg-false  wp-block-kadence-singlebtn\" href=\"\/de\/schlafen-im-auto-autocamping-alle-beitraege\/\"><span class=\"kt-btn-inner-text\">Alle Beitr\u00e4ge<\/span><\/a><\/div>\n\n\n<!-- [element-2011176] --><style>.kb-row-layout-id2011176_e73b1b-12 > .kt-row-column-wrap{align-content:start;}:where(.kb-row-layout-id2011176_e73b1b-12 > .kt-row-column-wrap) > .wp-block-kadence-column{justify-content:start;}.kb-row-layout-id2011176_e73b1b-12 > .kt-row-column-wrap{column-gap:var(--global-kb-gap-md, 2rem);row-gap:var(--global-kb-gap-md, 2rem);padding-top:var(--global-kb-spacing-sm, 1.5rem);padding-bottom:var(--global-kb-spacing-sm, 1.5rem);grid-template-columns:minmax(0, 1fr);}.kb-row-layout-id2011176_e73b1b-12 > .kt-row-layout-overlay{opacity:0.30;}@media all and (max-width: 1024px){.kb-row-layout-id2011176_e73b1b-12 > .kt-row-column-wrap{grid-template-columns:minmax(0, 1fr);}}@media all and (max-width: 767px){.kb-row-layout-id2011176_e73b1b-12 > .kt-row-column-wrap{grid-template-columns:minmax(0, 1fr);}}<\/style><div class=\"kb-row-layout-wrap kb-row-layout-id2011176_e73b1b-12 alignnone wp-block-kadence-rowlayout\"><div class=\"kt-row-column-wrap kt-has-1-columns kt-row-layout-equal kt-tab-layout-inherit kt-mobile-layout-row kt-row-valign-top\">\n<style>.kadence-column2011176_fc10c0-b5 > .kt-inside-inner-col,.kadence-column2011176_fc10c0-b5 > .kt-inside-inner-col:before{border-top-left-radius:0px;border-top-right-radius:0px;border-bottom-right-radius:0px;border-bottom-left-radius:0px;}.kadence-column2011176_fc10c0-b5 > .kt-inside-inner-col{column-gap:var(--global-kb-gap-sm, 1rem);}.kadence-column2011176_fc10c0-b5 > .kt-inside-inner-col{flex-direction:column;}.kadence-column2011176_fc10c0-b5 > .kt-inside-inner-col > .aligncenter{width:100%;}.kadence-column2011176_fc10c0-b5 > .kt-inside-inner-col:before{opacity:0.3;}.kadence-column2011176_fc10c0-b5{position:relative;}@media all and (max-width: 1024px){.kadence-column2011176_fc10c0-b5 > .kt-inside-inner-col{flex-direction:column;justify-content:center;}}@media all and (max-width: 767px){.kadence-column2011176_fc10c0-b5 > .kt-inside-inner-col{flex-direction:column;justify-content:center;}}<\/style>\n<div class=\"wp-block-kadence-column kadence-column2011176_fc10c0-b5\" id=\"in-product---after-image\"><div class=\"kt-inside-inner-col\">\n<div class=\"adsensemanual\" style=\"display: block; min-height: 300px;     max-width: 80%; margin: 0px auto;\">\n\n<!-- Below product image responsive -->\n<ins class=\"adsbygoogle\"\n     style=\"display:block\"\n     data-ad-client=\"ca-pub-6124081365175726\"\n     data-ad-slot=\"2199571820\"\n     data-ad-format=\"auto\"\n     data-full-width-responsive=\"true\"><\/ins>\n<script>\n     (adsbygoogle = window.adsbygoogle || []).push({});\n<\/script>\n<\/div>\n<\/div><\/div>\n\n<\/div><\/div><!-- [\/element-2011176] -->\n<\/div><\/div>\n\n<\/div><\/div>\n<p><\/p>\n","protected":false},"excerpt":{"rendered":"<p>Er ist nicht der gr\u00f6\u00dfte <a class=\"wpil_keyword_link\" href=\"https:\/\/nimblecamper.com\/best-cars-for-camping\/mpv-minivan\/\" title=\"Hochdachkombi\" data-wpil-keyword-link=\"linked\">MPV<\/a> auf dem Markt, bietet aber trotzdem einen gro\u00dfen Kofferraum, in dem du schlafen kannst. Die meisten Leute bauen Schlafplattformen, die 180 cm oder l\u00e4nger sind, und schieben die Vordersitze nach vorne, damit sie passen. Als Bonus kannst du auch das Panorama-Schiebedach genie\u00dfen, mit dem du nachts die Sterne bewundern kannst. Dieser siebensitzige MPV ist nicht nur schick und praktisch, sondern macht auch Spa\u00df und schont den Geldbeutel.<\/p>\n<p>Aber was macht den Grand Scenic zu einer guten Wahl f\u00fcr Campingfans? Zun\u00e4chst einmal verf\u00fcgt er \u00fcber ein cleveres modulares Sitzsystem, mit dem du jeden der f\u00fcnf R\u00fccksitze einzeln umklappen oder ausbauen kannst, um einen flachen Ladeboden und bis zu 1.870 Liter Platz zu schaffen. Das ist genug Platz f\u00fcr ein Zelt, ein paar Schlafs\u00e4cke, eine K\u00fchlbox, einen Kocher und was du sonst noch f\u00fcr deine Reise brauchst.<\/p>\n<p>Der Grand Scenic verf\u00fcgt au\u00dferdem \u00fcber zahlreiche Stauf\u00e4cher im gesamten Innenraum, darunter Unterflurablagen, T\u00fcrtaschen, Becherhalter und eine verschiebbare Mittelkonsole mit vier USB-Anschl\u00fcssen und einem AUX-Eingang. Du kannst alle deine Gadgets und Snacks in Reichweite aufbewahren und sie unterwegs aufladen. Au\u00dferdem verf\u00fcgt der Grand Scenic \u00fcber ein Panorama-Schiebedach, mit dem du nachts den Blick auf den Himmel und die Sterne genie\u00dfen kannst.<\/p>\n<p>Der Grand Scenic ist nicht nur praktisch, sondern auch komfortabel und angenehm zu fahren. Die Federung ist gut abgestimmt, um Unebenheiten und Schlagl\u00f6cher zu absorbieren, und die Lenkung ist leicht und reaktionsschnell. Der Grand Scenic ist au\u00dferdem mit einer Reihe von Sicherheits- und Komfortfunktionen ausgestattet, wie z. B. einer automatischen Notbremsung, einem Spurhalteassistenten, einem adaptiven Tempomat, Parksensoren und einer R\u00fcckfahrkamera.<\/p>\n","protected":false},"featured_media":1008232,"comment_status":"open","ping_status":"closed","template":"","meta":{"_kad_blocks_custom_css":"","_kad_blocks_head_custom_js":"","_kad_blocks_body_custom_js":"","_kad_blocks_footer_custom_js":"","_kad_post_transparent":"","_kad_post_title":"","_kad_post_layout":"","_kad_post_sidebar_id":"","_kad_post_content_style":"","_kad_post_vertical_padding":"","_kad_post_feature":"","_kad_post_feature_position":"","_kad_post_header":false,"_kad_post_footer":false,"_kad_post_classname":""},"product_brand":[],"product_cat":[1000555,1000556],"product_tag":[2001481,2000918],"class_list":{"0":"post-2008763","1":"product","2":"type-product","3":"status-publish","4":"has-post-thumbnail","6":"product_cat-die-besten-autos-zum-campen","7":"product_cat-mpv-minivan-de","8":"product_tag-eu-uk-de","9":"product_tag-renault-de","10":"pa_available-in-eu-de","11":"pa_body-type-mpv-minivan-de","12":"pa_boot-door-type-heckklappe","13":"pa_engine-type-verbrennung","14":"pa_make-renault-de","15":"pa_nc-rating-2-9-de","17":"first","18":"instock","19":"shipping-taxable","20":"product-type-simple","21":"entry","22":"content-bg","23":"loop-entry"},"taxonomy_info":{"product_cat":[{"value":1000555,"label":"Die besten autos zum schlafen"},{"value":1000556,"label":"Hochdachkombi Camper"}],"product_tag":[{"value":2001481,"label":"EU\/UK"},{"value":2000918,"label":"Renault"}],"pa_available-in":[{"value":1000545,"label":"EU"}],"pa_body-type":[{"value":1000546,"label":"Hochdachkombi"}],"pa_boot-door-type":[{"value":2000879,"label":"Heckklappe"}],"pa_engine-type":[{"value":1000552,"label":"Verbrennung"}],"pa_make":[{"value":1000592,"label":"Renault"}],"pa_nc-rating":[{"value":2000916,"label":"2.9"}]},"featured_image_src_large":["https:\/\/nimblecamper.com\/wp-content\/uploads\/2022\/02\/GRAND-SCENIC.webp",1000,749,false],"author_info":[],"comment_info":0,"_links":{"self":[{"href":"https:\/\/nimblecamper.com\/de\/wp-json\/wp\/v2\/product\/2008763","targetHints":{"allow":["GET"]}}],"collection":[{"href":"https:\/\/nimblecamper.com\/de\/wp-json\/wp\/v2\/product"}],"about":[{"href":"https:\/\/nimblecamper.com\/de\/wp-json\/wp\/v2\/types\/product"}],"replies":[{"embeddable":true,"href":"https:\/\/nimblecamper.com\/de\/wp-json\/wp\/v2\/comments?post=2008763"}],"wp:featuredmedia":[{"embeddable":true,"href":"https:\/\/nimblecamper.com\/de\/wp-json\/wp\/v2\/media\/1008232"}],"wp:attachment":[{"href":"https:\/\/nimblecamper.com\/de\/wp-json\/wp\/v2\/media?parent=2008763"}],"wp:term":[{"taxonomy":"product_brand","embeddable":true,"href":"https:\/\/nimblecamper.com\/de\/wp-json\/wp\/v2\/product_brand?post=2008763"},{"taxonomy":"product_cat","embeddable":true,"href":"https:\/\/nimblecamper.com\/de\/wp-json\/wp\/v2\/product_cat?post=2008763"},{"taxonomy":"product_tag","embeddable":true,"href":"https:\/\/nimblecamper.com\/de\/wp-json\/wp\/v2\/product_tag?post=2008763"}],"curies":[{"name":"wp","href":"https:\/\/api.w.org\/{rel}","templated":true}]}}