{"id":2010419,"date":"2022-02-01T21:15:37","date_gmt":"2022-09-07T15:43:07","guid":{"rendered":"https:\/\/nimblecamper.com\/opel-vauxhall-combo-life-xl-wohnmobil\/"},"modified":"2024-01-31T09:38:57","modified_gmt":"2024-01-31T09:38:57","slug":"opel-vauxhall-combo-xl-camper","status":"publish","type":"product","link":"https:\/\/nimblecamper.com\/de\/opel-vauxhall-combo-xl-camper\/","title":{"rendered":"Opel (Vauxhall) Combo Life XL Wohnmobil"},"content":{"rendered":"<style>.kb-row-layout-id1005805_b84ded-c0 > .kt-row-column-wrap{align-content:start;}:where(.kb-row-layout-id1005805_b84ded-c0 > .kt-row-column-wrap) > .wp-block-kadence-column{justify-content:start;}.kb-row-layout-id1005805_b84ded-c0 > .kt-row-column-wrap{column-gap:var(--global-kb-gap-md, 2rem);row-gap:var(--global-kb-gap-md, 2rem);padding-top:var(--global-kb-spacing-sm, 1.5rem);padding-bottom:var(--global-kb-spacing-sm, 1.5rem);grid-template-columns:repeat(2, minmax(0, 1fr));}.kb-row-layout-id1005805_b84ded-c0 > .kt-row-layout-overlay{opacity:0.30;}@media all and (max-width: 1024px){.kb-row-layout-id1005805_b84ded-c0 > .kt-row-column-wrap{grid-template-columns:repeat(2, minmax(0, 1fr));}}@media all and (max-width: 767px){.kb-row-layout-id1005805_b84ded-c0 > .kt-row-column-wrap{grid-template-columns:minmax(0, 1fr);}}<\/style><div class=\"kb-row-layout-wrap kb-row-layout-id1005805_b84ded-c0 alignnone wp-block-kadence-rowlayout\"><div class=\"kt-row-column-wrap kt-has-2-columns kt-row-layout-equal kt-tab-layout-inherit kt-mobile-layout-row kt-row-valign-top\">\n<style>.kadence-column1005805_9185da-48 > .kt-inside-inner-col,.kadence-column1005805_9185da-48 > .kt-inside-inner-col:before{border-top-left-radius:0px;border-top-right-radius:0px;border-bottom-right-radius:0px;border-bottom-left-radius:0px;}.kadence-column1005805_9185da-48 > .kt-inside-inner-col{column-gap:var(--global-kb-gap-sm, 1rem);}.kadence-column1005805_9185da-48 > .kt-inside-inner-col{flex-direction:column;}.kadence-column1005805_9185da-48 > .kt-inside-inner-col > .aligncenter{width:100%;}.kadence-column1005805_9185da-48 > .kt-inside-inner-col:before{opacity:0.3;}.kadence-column1005805_9185da-48{position:relative;}@media all and (max-width: 1024px){.kadence-column1005805_9185da-48 > .kt-inside-inner-col{flex-direction:column;justify-content:center;}}@media all and (max-width: 767px){.kadence-column1005805_9185da-48 > .kt-inside-inner-col{flex-direction:column;justify-content:center;}}<\/style>\n<div class=\"wp-block-kadence-column kadence-column1005805_9185da-48 inner-column-1\"><div class=\"kt-inside-inner-col\"><table class=\"woocommerce-product-attributes shop_attributes\" aria-label=\"Produktdetails\">\n\t\t\t<tr class=\"woocommerce-product-attributes-item woocommerce-product-attributes-item--attribute_pa_body-type\">\n\t\t\t<th class=\"woocommerce-product-attributes-item__label\" scope=\"row\">Aufbautyp<\/th>\n\t\t\t<td class=\"woocommerce-product-attributes-item__value\"><p><a href=\"https:\/\/nimblecamper.com\/de\/body-type\/mpv-minivan-de\/\" rel=\"tag\">Hochdachkombi<\/a><\/p>\n<\/td>\n\t\t<\/tr>\n\t\t\t<tr class=\"woocommerce-product-attributes-item woocommerce-product-attributes-item--attribute_pa_boot-length\">\n\t\t\t<th class=\"woocommerce-product-attributes-item__label\" scope=\"row\">Kofferrauml&auml;nge (cm)<\/th>\n\t\t\t<td class=\"woocommerce-product-attributes-item__value\"><p>223<\/p>\n<\/td>\n\t\t<\/tr>\n\t\t\t<tr class=\"woocommerce-product-attributes-item woocommerce-product-attributes-item--attribute_pa_boot-height\">\n\t\t\t<th class=\"woocommerce-product-attributes-item__label\" scope=\"row\">Kofferraumh&ouml;he (cm)<\/th>\n\t\t\t<td class=\"woocommerce-product-attributes-item__value\"><p>113<\/p>\n<\/td>\n\t\t<\/tr>\n\t\t\t<tr class=\"woocommerce-product-attributes-item woocommerce-product-attributes-item--attribute_pa_boot-width\">\n\t\t\t<th class=\"woocommerce-product-attributes-item__label\" scope=\"row\">Kofferraumbreite [Radk&auml;sten] (cm)<\/th>\n\t\t\t<td class=\"woocommerce-product-attributes-item__value\"><p>120<\/p>\n<\/td>\n\t\t<\/tr>\n\t\t\t<tr class=\"woocommerce-product-attributes-item woocommerce-product-attributes-item--attribute_pa_make\">\n\t\t\t<th class=\"woocommerce-product-attributes-item__label\" scope=\"row\">Marke<\/th>\n\t\t\t<td class=\"woocommerce-product-attributes-item__value\"><p><a href=\"https:\/\/nimblecamper.com\/de\/make\/opel-vauxhall-de\/\" rel=\"tag\">Opel (Vauxhall)<\/a><\/p>\n<\/td>\n\t\t<\/tr>\n\t\t\t<tr class=\"woocommerce-product-attributes-item woocommerce-product-attributes-item--attribute_pa_comfort-rating\">\n\t\t\t<th class=\"woocommerce-product-attributes-item__label\" scope=\"row\">Komfortbewertung<\/th>\n\t\t\t<td class=\"woocommerce-product-attributes-item__value\"><p>1<\/p>\n<\/td>\n\t\t<\/tr>\n\t\t\t<tr class=\"woocommerce-product-attributes-item woocommerce-product-attributes-item--attribute_pa_consumption-l-100km\">\n\t\t\t<th class=\"woocommerce-product-attributes-item__label\" scope=\"row\">Verbrauch l\/100km<\/th>\n\t\t\t<td class=\"woocommerce-product-attributes-item__value\"><p>5.7<\/p>\n<\/td>\n\t\t<\/tr>\n\t\t\t<tr class=\"woocommerce-product-attributes-item woocommerce-product-attributes-item--attribute_pa_consumption-mpg-uk\">\n\t\t\t<th class=\"woocommerce-product-attributes-item__label\" scope=\"row\">Verbrauch MPG (UK)<\/th>\n\t\t\t<td class=\"woocommerce-product-attributes-item__value\"><p>49<\/p>\n<\/td>\n\t\t<\/tr>\n\t\t\t<tr class=\"woocommerce-product-attributes-item woocommerce-product-attributes-item--attribute_pa_available-in\">\n\t\t\t<th class=\"woocommerce-product-attributes-item__label\" scope=\"row\">Verf&uuml;gbar in<\/th>\n\t\t\t<td class=\"woocommerce-product-attributes-item__value\"><p><a href=\"https:\/\/nimblecamper.com\/de\/available-in\/eu-de\/\" rel=\"tag\">EU<\/a><\/p>\n<\/td>\n\t\t<\/tr>\n\t\t\t<tr class=\"woocommerce-product-attributes-item woocommerce-product-attributes-item--attribute_pa_engine-type\">\n\t\t\t<th class=\"woocommerce-product-attributes-item__label\" scope=\"row\">Motortyp<\/th>\n\t\t\t<td class=\"woocommerce-product-attributes-item__value\"><p><a href=\"https:\/\/nimblecamper.com\/de\/engine-type\/verbrennung\/\" rel=\"tag\">Verbrennung<\/a><\/p>\n<\/td>\n\t\t<\/tr>\n\t\t\t<tr class=\"woocommerce-product-attributes-item woocommerce-product-attributes-item--attribute_pa_nc-rating\">\n\t\t\t<th class=\"woocommerce-product-attributes-item__label\" scope=\"row\">NimbleCamper Bewertung (von max. 5)<\/th>\n\t\t\t<td class=\"woocommerce-product-attributes-item__value\"><p><a href=\"https:\/\/nimblecamper.com\/de\/nc-rating\/3-6-de\/\" rel=\"tag\">3.6<\/a><\/p>\n<\/td>\n\t\t<\/tr>\n\t\t\t<tr class=\"woocommerce-product-attributes-item woocommerce-product-attributes-item--attribute_pa_used-price\">\n\t\t\t<th class=\"woocommerce-product-attributes-item__label\" scope=\"row\">Durchschnittlicher Gebrauchtpreis, GBP (2015)<\/th>\n\t\t\t<td class=\"woocommerce-product-attributes-item__value\"><p>6755<\/p>\n<\/td>\n\t\t<\/tr>\n\t\t\t<tr class=\"woocommerce-product-attributes-item woocommerce-product-attributes-item--attribute_pa_boot-door-type\">\n\t\t\t<th class=\"woocommerce-product-attributes-item__label\" scope=\"row\">Kofferraumt&uuml;r<\/th>\n\t\t\t<td class=\"woocommerce-product-attributes-item__value\"><p><a href=\"https:\/\/nimblecamper.com\/de\/boot-door-type\/heckklappe\/\" rel=\"tag\">Heckklappe<\/a><\/p>\n<\/td>\n\t\t<\/tr>\n\t<\/table>\n\n\n\n\n<ul class=\"wp-block-list\">\n<li>Umgeklappte Sitze Kofferrauml\u00e4nge (cm): lang <strong>223<\/strong> \/ Standard <strong>188<\/strong><\/li>\n\n\n\n<li><a href=\"https:\/\/www.euroncap.com\/en\/results\/opel\/vauxhall\/combo\/33737\" data-type=\"URL\" data-id=\"https:\/\/www.euroncap.com\/en\/results\/opel\/vauxhall\/combo\/33737\" target=\"_blank\" rel=\"noreferrer noopener\">EURO NCAP-Sicherheitsbewertung<\/a> (2018) &#8211; <strong>4\/5<\/strong><\/li>\n\n\n\n<li><a href=\"https:\/\/www.adac.de\/rund-ums-fahrzeug\/autokatalog\/marken-modelle\/opel\/combo\/e\/291506\/\" target=\"_blank\" data-type=\"URL\" data-id=\"https:\/\/www.adac.de\/rund-ums-fahrzeug\/autokatalog\/marken-modelle\/opel\/combo\/e\/291506\/\" rel=\"noreferrer noopener\">ADAC Bewertung<\/a> (niedriger = besser) &#8211; <strong>2.6\/5<\/strong><\/li>\n<\/ul>\n\n\n\n<p class=\"has-text-align-left\"><strong>Standardbewertung (nicht auf Autocamping ausgerichtet):<\/strong><\/p>\n\n\n\n<p class=\"has-text-align-left\"><a href=\"https:\/\/www.whatcar.com\/vauxhall\/combo-life\/mpv\/used-review\/n20274\" data-type=\"URL\" data-id=\"https:\/\/www.whatcar.com\/vauxhall\/combo-life\/mpv\/used-review\/n20274\" target=\"_blank\" rel=\"noreferrer noopener\">Whatcar.com Bewertung<\/a>: 4\/5 &#8211; <a href=\"https:\/\/www.autoexpress.co.uk\/vauxhall\/combo\/life-mpv\" data-type=\"URL\" data-id=\"https:\/\/www.autoexpress.co.uk\/vauxhall\/combo\/life-mpv\" target=\"_blank\" rel=\"noreferrer noopener\">Autoexpress.co.uk Bewertung<\/a>: 3.5\/5  <\/p>\n\n\n\n<p class=\"has-text-align-left\">Durchschnittliche Bewertung: <strong>3,8\/5<\/strong><\/p>\n\n\n<style>.wp-block-kadence-advancedbtn.kb-btns1005805_bf903f-11{gap:var(--global-kb-gap-xs, 0.5rem );justify-content:flex-start;align-items:center;}.kt-btns1005805_bf903f-11 .kt-button{font-weight:normal;font-style:normal;}<\/style>\n<div class=\"wp-block-kadence-advancedbtn kb-buttons-wrap kb-btns1005805_bf903f-11\"><style>ul.menu .wp-block-kadence-advancedbtn .kb-btn1005805_626f96-ac.kb-button{width:initial;}.wp-block-kadence-advancedbtn .kb-btn1005805_626f96-ac.kb-button{background:#d80396;}<\/style><a class=\"kb-button kt-button button kb-btn1005805_626f96-ac kt-btn-size-standard kt-btn-width-type-auto kb-btn-global-inherit  kt-btn-has-text-true kt-btn-has-svg-false  wp-block-button__link wp-block-kadence-singlebtn\" href=\"https:\/\/nimblecamper.com\/berlingo-camper-review\/\" target=\"_blank\" rel=\"noreferrer noopener\"><span class=\"kt-btn-inner-text\">LESEN SIE UNSEREN VOLLST\u00c4NDIGEN BERICHT \u00dcBER DEN BERLINGO<\/span><\/a><\/div>\n<\/div><\/div>\n\n\n<style>.kadence-column1005805_7d7faa-15 > .kt-inside-inner-col,.kadence-column1005805_7d7faa-15 > .kt-inside-inner-col:before{border-top-left-radius:0px;border-top-right-radius:0px;border-bottom-right-radius:0px;border-bottom-left-radius:0px;}.kadence-column1005805_7d7faa-15 > .kt-inside-inner-col{column-gap:var(--global-kb-gap-sm, 1rem);}.kadence-column1005805_7d7faa-15 > .kt-inside-inner-col{flex-direction:column;}.kadence-column1005805_7d7faa-15 > .kt-inside-inner-col > .aligncenter{width:100%;}.kadence-column1005805_7d7faa-15 > .kt-inside-inner-col:before{opacity:0.3;}.kadence-column1005805_7d7faa-15{position:relative;}@media all and (max-width: 1024px){.kadence-column1005805_7d7faa-15 > .kt-inside-inner-col{flex-direction:column;justify-content:center;}}@media all and (max-width: 767px){.kadence-column1005805_7d7faa-15 > .kt-inside-inner-col{flex-direction:column;justify-content:center;}}<\/style>\n<div class=\"wp-block-kadence-column kadence-column1005805_7d7faa-15 inner-column-2\"><div class=\"kt-inside-inner-col\"><style>.wp-block-kadence-advancedheading.kt-adv-heading1005805_707567-22, .wp-block-kadence-advancedheading.kt-adv-heading1005805_707567-22[data-kb-block=\"kb-adv-heading1005805_707567-22\"]{padding-bottom:20px;font-style:normal;}.wp-block-kadence-advancedheading.kt-adv-heading1005805_707567-22 mark.kt-highlight, .wp-block-kadence-advancedheading.kt-adv-heading1005805_707567-22[data-kb-block=\"kb-adv-heading1005805_707567-22\"] mark.kt-highlight{font-style:normal;color:#f76a0c;-webkit-box-decoration-break:clone;box-decoration-break:clone;padding-top:0px;padding-right:0px;padding-bottom:0px;padding-left:0px;}.wp-block-kadence-advancedheading.kt-adv-heading1005805_707567-22 img.kb-inline-image, .wp-block-kadence-advancedheading.kt-adv-heading1005805_707567-22[data-kb-block=\"kb-adv-heading1005805_707567-22\"] img.kb-inline-image{width:150px;vertical-align:baseline;}<\/style>\n<h2 class=\"kt-adv-heading1005805_707567-22 wp-block-kadence-advancedheading\" data-kb-block=\"kb-adv-heading1005805_707567-22\">Wie man im Opel\/Vauxhall Combo schl\u00e4ft, DIY-Umbauten &amp; andere Beitr\u00e4ge<\/h2>\n\n\n<style>.kb-posts-id-1005805_a2a541-f2 .entry.loop-entry .entry-header .entry-title{font-size:18px;line-height:1.2em;}.kb-posts-id-1005805_a2a541-f2 .loop-entry{background:transparent;box-shadow:none;}.kb-posts-id-1005805_a2a541-f2 .loop-entry > .entry-content-wrap{padding:0px;}.kb-posts-id-1005805_a2a541-f2 .loop-entry .post-thumbnail{margin-bottom:1em;}.kb-posts-id-1005805_a2a541-f2 .kb-post-list-item{display:grid;}<\/style><ul class=\"wp-block-kadence-posts kb-posts kadence-posts-list kb-posts-id-1005805_a2a541-f2 content-wrap grid-cols kb-posts-style-unboxed grid-sm-col-1 grid-lg-col-1 item-image-style-beside\"><li class=\"kb-post-list-item\">\n\t<article class=\"entry content-bg loop-entry post-2021633 post type-post status-publish format-standard has-post-thumbnail hentry category-kleinwagen category-dacia-jogger-de category-medium-cars-suvs-de tag-dacia-de tag-diy-de tag-fiat-de tag-jogger-de tag-panda-de\">\n\t\t\t\t<a aria-hidden=\"true\" tabindex=\"-1\" role=\"presentation\" class=\"post-thumbnail kadence-thumbnail-ratio-2-3\" href=\"https:\/\/nimblecamper.com\/de\/fiat-panda-mk3-als-wohnung-dacia-jogger-selbst-1-person-umbau-von-fabian\/\" aria-label=\"Fiat Panda Mk3 als Wohnung &amp; Dacia Jogger &#8211; Selbst 1-Person Umbau von Fabian\">\n\t\t\t<div class=\"post-thumbnail-inner\">\n\t\t\t\t<img loading=\"lazy\" decoding=\"async\" width=\"500\" height=\"257\" src=\"https:\/\/nimblecamper.com\/wp-content\/uploads\/2024\/07\/jogger-diy-camping-umbau-conversion-5-500x257.webp\" class=\"attachment-medium size-medium wp-post-image\" alt=\"Fiat Panda Mk3 als Wohnung &amp; Dacia Jogger &#8211; Selbst 1-Person Umbau von Fabian\" srcset=\"https:\/\/nimblecamper.com\/wp-content\/uploads\/2024\/07\/jogger-diy-camping-umbau-conversion-5-500x257.webp 500w, https:\/\/nimblecamper.com\/wp-content\/uploads\/2024\/07\/jogger-diy-camping-umbau-conversion-5-1024x527.webp 1024w, https:\/\/nimblecamper.com\/wp-content\/uploads\/2024\/07\/jogger-diy-camping-umbau-conversion-5-768x395.webp 768w, https:\/\/nimblecamper.com\/wp-content\/uploads\/2024\/07\/jogger-diy-camping-umbau-conversion-5.webp 1268w\" sizes=\"auto, (max-width: 500px) 100vw, 500px\" title=\"car camping - Nimblecamper.com\">\t\t\t<\/div>\n\t\t<\/a><!-- .post-thumbnail -->\n\t\t\t\t<div class=\"entry-content-wrap\">\n\t\t\t<header class=\"entry-header\">\n\t<h4 class=\"entry-title\"><a href=\"https:\/\/nimblecamper.com\/de\/fiat-panda-mk3-als-wohnung-dacia-jogger-selbst-1-person-umbau-von-fabian\/\" rel=\"bookmark\">Fiat Panda Mk3 als Wohnung &amp; Dacia Jogger &#8211; Selbst 1-Person Umbau von Fabian<\/a><\/h4><\/header><!-- .entry-header -->\n\t<div class=\"entry-summary\">\n\t\t<p>Hier sind zwei kreative Camping-Umbauten: Vom praktischen Fiat Panda-Camping-Umbau bis zum einfachen 1-Personen-Jogger-Setup von Fabian.<\/p>\n\t<\/div><!-- .entry-summary -->\n\t<footer class=\"entry-footer\">\n\t<\/footer><!-- .entry-footer -->\t\t<\/div>\n\t<\/article>\n<\/li>\n<li class=\"kb-post-list-item\">\n\t<article class=\"entry content-bg loop-entry post-2020961 post type-post status-publish format-standard has-post-thumbnail hentry category-auto-schlafen-ausbau category-kleinwagen tag-500-de tag-diy-de tag-fiat-de tag-panda-de tag-punto-de\">\n\t\t\t\t<a aria-hidden=\"true\" tabindex=\"-1\" role=\"presentation\" class=\"post-thumbnail kadence-thumbnail-ratio-2-3\" href=\"https:\/\/nimblecamper.com\/de\/fiat-panda-camping-ausbau-von-bill\/\" aria-label=\"Fiat Panda Camping-Ausbau DIY von Bill\">\n\t\t\t<div class=\"post-thumbnail-inner\">\n\t\t\t\t<img loading=\"lazy\" decoding=\"async\" width=\"500\" height=\"225\" src=\"https:\/\/nimblecamper.com\/wp-content\/uploads\/2024\/02\/Fiat-panda-camper-20240209_130709-500x225.webp\" class=\"attachment-medium size-medium wp-post-image\" alt=\"Fiat Panda Camping-Ausbau DIY von Bill\" srcset=\"https:\/\/nimblecamper.com\/wp-content\/uploads\/2024\/02\/Fiat-panda-camper-20240209_130709-500x225.webp 500w, https:\/\/nimblecamper.com\/wp-content\/uploads\/2024\/02\/Fiat-panda-camper-20240209_130709-1024x461.webp 1024w, https:\/\/nimblecamper.com\/wp-content\/uploads\/2024\/02\/Fiat-panda-camper-20240209_130709-768x346.webp 768w, https:\/\/nimblecamper.com\/wp-content\/uploads\/2024\/02\/Fiat-panda-camper-20240209_130709-1536x692.webp 1536w, https:\/\/nimblecamper.com\/wp-content\/uploads\/2024\/02\/Fiat-panda-camper-20240209_130709.webp 1959w\" sizes=\"auto, (max-width: 500px) 100vw, 500px\" title=\"car camping - Nimblecamper.com\">\t\t\t<\/div>\n\t\t<\/a><!-- .post-thumbnail -->\n\t\t\t\t<div class=\"entry-content-wrap\">\n\t\t\t<header class=\"entry-header\">\n\t<h4 class=\"entry-title\"><a href=\"https:\/\/nimblecamper.com\/de\/fiat-panda-camping-ausbau-von-bill\/\" rel=\"bookmark\">Fiat Panda Camping-Ausbau DIY von Bill<\/a><\/h4><\/header><!-- .entry-header -->\n\t<div class=\"entry-summary\">\n\t\t<p>Dieser DIY-Ausbau des Fiat Panda nutzt den vorhandenen Platz im Auto optimal aus. Bill Roberts zeigt uns, dass du auch&#8230;<\/p>\n\t<\/div><!-- .entry-summary -->\n\t<footer class=\"entry-footer\">\n\t<\/footer><!-- .entry-footer -->\t\t<\/div>\n\t<\/article>\n<\/li>\n<li class=\"kb-post-list-item\">\n\t<article class=\"entry content-bg loop-entry post-2018007 post type-post status-publish format-standard has-post-thumbnail hentry category-campingumbauten-ohne-schrauben category-auto-schlafen-ausbau category-suv-camping-de tag-cr-v-de tag-diy-de tag-honda-de\">\n\t\t\t\t<a aria-hidden=\"true\" tabindex=\"-1\" role=\"presentation\" class=\"post-thumbnail kadence-thumbnail-ratio-2-3\" href=\"https:\/\/nimblecamper.com\/de\/how-to-sleep-in-a-honda-cr-v-2017-no-build-camper\/\" aria-label=\"Wie man in einem Honda CR-V (2017) schl\u00e4ft &#8211; kein Camperbau\">\n\t\t\t<div class=\"post-thumbnail-inner\">\n\t\t\t\t<img loading=\"lazy\" decoding=\"async\" width=\"500\" height=\"259\" src=\"https:\/\/nimblecamper.com\/wp-content\/uploads\/2023\/11\/honda-crv-sleeping-conversion-camper-1-500x259.webp\" class=\"attachment-medium size-medium wp-post-image\" alt=\"Wie man in einem Honda CR-V (2017) schl\u00e4ft &#8211; kein Camperbau\" srcset=\"https:\/\/nimblecamper.com\/wp-content\/uploads\/2023\/11\/honda-crv-sleeping-conversion-camper-1-500x259.webp 500w, https:\/\/nimblecamper.com\/wp-content\/uploads\/2023\/11\/honda-crv-sleeping-conversion-camper-1-1024x531.webp 1024w, https:\/\/nimblecamper.com\/wp-content\/uploads\/2023\/11\/honda-crv-sleeping-conversion-camper-1-768x398.webp 768w, https:\/\/nimblecamper.com\/wp-content\/uploads\/2023\/11\/honda-crv-sleeping-conversion-camper-1.webp 1382w\" sizes=\"auto, (max-width: 500px) 100vw, 500px\" title=\"car camping - Nimblecamper.com\">\t\t\t<\/div>\n\t\t<\/a><!-- .post-thumbnail -->\n\t\t\t\t<div class=\"entry-content-wrap\">\n\t\t\t<header class=\"entry-header\">\n\t<h4 class=\"entry-title\"><a href=\"https:\/\/nimblecamper.com\/de\/how-to-sleep-in-a-honda-cr-v-2017-no-build-camper\/\" rel=\"bookmark\">Wie man in einem Honda CR-V (2017) schl\u00e4ft &#8211; kein Camperbau<\/a><\/h4><\/header><!-- .entry-header -->\n\t<div class=\"entry-summary\">\n\t\t<p>Lass uns herausfinden, wie du in deinem 2017er Honda CR-V schlafen und ihn in einen gem\u00fctlichen und komfortablen Camper verwandeln&#8230;<\/p>\n\t<\/div><!-- .entry-summary -->\n\t<footer class=\"entry-footer\">\n\t<\/footer><!-- .entry-footer -->\t\t<\/div>\n\t<\/article>\n<\/li>\n<li class=\"kb-post-list-item\">\n\t<article class=\"entry content-bg loop-entry post-2017562 post type-post status-publish format-standard has-post-thumbnail hentry category-beste-autos-zum-campen category-unkategorisiert tag-peugeot-de tag-rifter-de\">\n\t\t\t\t<a aria-hidden=\"true\" tabindex=\"-1\" role=\"presentation\" class=\"post-thumbnail kadence-thumbnail-ratio-2-3\" href=\"https:\/\/nimblecamper.com\/de\/peugeot-rifter-camping-ausbau-und-koferraum-groesse\/\" aria-label=\"Peugeot Rifter Campingausbauten und Kofferraumgr\u00f6\u00dfe\">\n\t\t\t<div class=\"post-thumbnail-inner\">\n\t\t\t\t<img loading=\"lazy\" decoding=\"async\" width=\"300\" height=\"161\" src=\"https:\/\/nimblecamper.com\/wp-content\/uploads\/2022\/01\/peugeot-rifter-300x161.jpg\" class=\"attachment-medium size-medium wp-post-image\" alt=\"Peugeot Rifter Campingausbauten und Kofferraumgr\u00f6\u00dfe\" srcset=\"https:\/\/nimblecamper.com\/wp-content\/uploads\/2022\/01\/peugeot-rifter-300x161.jpg 300w, https:\/\/nimblecamper.com\/wp-content\/uploads\/2022\/01\/peugeot-rifter-1024x549.jpg 1024w, https:\/\/nimblecamper.com\/wp-content\/uploads\/2022\/01\/peugeot-rifter-768x411.jpg 768w, https:\/\/nimblecamper.com\/wp-content\/uploads\/2022\/01\/peugeot-rifter.jpg 1174w\" sizes=\"auto, (max-width: 300px) 100vw, 300px\" title=\"car camping - Nimblecamper.com\">\t\t\t<\/div>\n\t\t<\/a><!-- .post-thumbnail -->\n\t\t\t\t<div class=\"entry-content-wrap\">\n\t\t\t<header class=\"entry-header\">\n\t<h4 class=\"entry-title\"><a href=\"https:\/\/nimblecamper.com\/de\/peugeot-rifter-camping-ausbau-und-koferraum-groesse\/\" rel=\"bookmark\">Peugeot Rifter Campingausbauten und Kofferraumgr\u00f6\u00dfe<\/a><\/h4><\/header><!-- .entry-header -->\n\t<div class=\"entry-summary\">\n\t\t<p>Der Peugeot Rifter aus der Berlingo-Familie (und der Opel Combo oder der Toyota ProAce City sind im Grunde die gleichen&#8230;<\/p>\n\t<\/div><!-- .entry-summary -->\n\t<footer class=\"entry-footer\">\n\t<\/footer><!-- .entry-footer -->\t\t<\/div>\n\t<\/article>\n<\/li>\n<li class=\"kb-post-list-item\">\n\t<article class=\"entry content-bg loop-entry post-2015492 post type-post status-publish format-standard has-post-thumbnail hentry category-auto-schlafen-ausbau tag-diy-de tag-pacifica-de\">\n\t\t\t\t<a aria-hidden=\"true\" tabindex=\"-1\" role=\"presentation\" class=\"post-thumbnail kadence-thumbnail-ratio-2-3\" href=\"https:\/\/nimblecamper.com\/de\/chrysler-pacifica-camper-fuer-4-personen\/\" aria-label=\"Erweiterter Chrysler Pacifica Camper f\u00fcr 4 Personen\">\n\t\t\t<div class=\"post-thumbnail-inner\">\n\t\t\t\t<img loading=\"lazy\" decoding=\"async\" width=\"500\" height=\"245\" src=\"https:\/\/nimblecamper.com\/wp-content\/uploads\/2023\/07\/Pacifica-camping-conversion-camper-11-500x245.webp\" class=\"attachment-medium size-medium wp-post-image\" alt=\"Erweiterter Chrysler Pacifica Camper f\u00fcr 4 Personen\" srcset=\"https:\/\/nimblecamper.com\/wp-content\/uploads\/2023\/07\/Pacifica-camping-conversion-camper-11-500x245.webp 500w, https:\/\/nimblecamper.com\/wp-content\/uploads\/2023\/07\/Pacifica-camping-conversion-camper-11-768x376.webp 768w, https:\/\/nimblecamper.com\/wp-content\/uploads\/2023\/07\/Pacifica-camping-conversion-camper-11.webp 927w\" sizes=\"auto, (max-width: 500px) 100vw, 500px\" title=\"car camping - Nimblecamper.com\">\t\t\t<\/div>\n\t\t<\/a><!-- .post-thumbnail -->\n\t\t\t\t<div class=\"entry-content-wrap\">\n\t\t\t<header class=\"entry-header\">\n\t<h4 class=\"entry-title\"><a href=\"https:\/\/nimblecamper.com\/de\/chrysler-pacifica-camper-fuer-4-personen\/\" rel=\"bookmark\">Erweiterter Chrysler Pacifica Camper f\u00fcr 4 Personen<\/a><\/h4><\/header><!-- .entry-header -->\n\t<div class=\"entry-summary\">\n\t\t<p>Wenn du die Zeit und die Geduld hast, kannst du aus dem Chrysler Pacifica einen beeindruckenden Camper machen. Schauen wir&#8230;<\/p>\n\t<\/div><!-- .entry-summary -->\n\t<footer class=\"entry-footer\">\n\t<\/footer><!-- .entry-footer -->\t\t<\/div>\n\t<\/article>\n<\/li>\n<\/ul><\/div><\/div>\n\n<\/div><\/div>","protected":false},"excerpt":{"rendered":"<p>Der Opel\/Vauxhall Combo ist im Grunde ein <a href=\"https:\/\/nimblecamper.com\/berlingo-camper-long\/\">Berlingo<\/a> mit anderer Ausstattung. Der Citroen Berlingo ist eines der am h\u00e4ufigsten umgebauten Autos f\u00fcr das Camping, also k\u00f6nnten Sie auch den Combo nehmen. Der Combo (und seine \u00e4hnlichen Vettern &#8211; Citroen Berlingo, Peugeot Partner, Renault Kangoo) ist ein gutes Auto f\u00fcr das Autocamping, aber nicht so gut f\u00fcr das allgemeine Fahren und den Komfort bei langen Fahrten. Er ist nicht der l\u00e4ngste <a class=\"wpil_keyword_link\" title=\"Hochdachkombi\" href=\"https:\/\/nimblecamper.com\/best-cars-for-camping\/mpv-minivan\/\" data-wpil-keyword-link=\"linked\">MPV<\/a> auf dem Markt (obwohl er einer der breitesten ist), aber er hat eine sehr gute Kilometerleistung und niedrige Wartungskosten. Es ist auch sehr preisg\u00fcnstig &#8211; es gibt viele gebrauchte Van- oder MPV-Versionen zu finden. Es eignet sich am besten, um die Rolle Ihres Zweitwagens zu \u00fcbernehmen, den Sie zum Camping umbauen k\u00f6nnen. Wenn Sie es als Ihr Hauptauto haben m\u00f6chten, ist es gut, wenn Ihr Budget niedrig ist, aber ansonsten sind Sie mit einem der bequemeren und zuverl\u00e4ssigeren oder gr\u00f6\u00dferen MPVs in unserer DB besser dran.<\/p>\n","protected":false},"featured_media":1007718,"comment_status":"open","ping_status":"closed","template":"","meta":{"_kad_blocks_custom_css":"","_kad_blocks_head_custom_js":"","_kad_blocks_body_custom_js":"","_kad_blocks_footer_custom_js":"","_kad_post_transparent":"","_kad_post_title":"","_kad_post_layout":"","_kad_post_sidebar_id":"","_kad_post_content_style":"","_kad_post_vertical_padding":"","_kad_post_feature":"","_kad_post_feature_position":"","_kad_post_header":false,"_kad_post_footer":false,"_kad_post_classname":""},"product_brand":[],"product_cat":[1000555,1000556],"product_tag":[2001481,2001138],"class_list":{"0":"post-2010419","1":"product","2":"type-product","3":"status-publish","4":"has-post-thumbnail","6":"product_cat-die-besten-autos-zum-campen","7":"product_cat-mpv-minivan-de","8":"product_tag-eu-uk-de","9":"product_tag-opel-vauxhall-de","10":"pa_available-in-eu-de","11":"pa_body-type-mpv-minivan-de","12":"pa_boot-door-type-heckklappe","13":"pa_engine-type-verbrennung","14":"pa_make-opel-vauxhall-de","15":"pa_nc-rating-3-6-de","17":"first","18":"instock","19":"shipping-taxable","20":"product-type-simple","21":"entry","22":"content-bg","23":"loop-entry"},"taxonomy_info":{"product_cat":[{"value":1000555,"label":"Die besten autos zum schlafen"},{"value":1000556,"label":"Hochdachkombi Camper"}],"product_tag":[{"value":2001481,"label":"EU\/UK"},{"value":2001138,"label":"Opel\/Vauxhall"}],"pa_available-in":[{"value":1000545,"label":"EU"}],"pa_body-type":[{"value":1000546,"label":"Hochdachkombi"}],"pa_boot-door-type":[{"value":2000879,"label":"Heckklappe"}],"pa_engine-type":[{"value":1000552,"label":"Verbrennung"}],"pa_make":[{"value":2000900,"label":"Opel (Vauxhall)"}],"pa_nc-rating":[{"value":2000901,"label":"3.6"}]},"featured_image_src_large":["https:\/\/nimblecamper.com\/wp-content\/uploads\/2022\/02\/vauxhall-opel-combo-xl-1024x576.webp",1024,576,true],"author_info":[],"comment_info":0,"_links":{"self":[{"href":"https:\/\/nimblecamper.com\/de\/wp-json\/wp\/v2\/product\/2010419","targetHints":{"allow":["GET"]}}],"collection":[{"href":"https:\/\/nimblecamper.com\/de\/wp-json\/wp\/v2\/product"}],"about":[{"href":"https:\/\/nimblecamper.com\/de\/wp-json\/wp\/v2\/types\/product"}],"replies":[{"embeddable":true,"href":"https:\/\/nimblecamper.com\/de\/wp-json\/wp\/v2\/comments?post=2010419"}],"wp:featuredmedia":[{"embeddable":true,"href":"https:\/\/nimblecamper.com\/de\/wp-json\/wp\/v2\/media\/1007718"}],"wp:attachment":[{"href":"https:\/\/nimblecamper.com\/de\/wp-json\/wp\/v2\/media?parent=2010419"}],"wp:term":[{"taxonomy":"product_brand","embeddable":true,"href":"https:\/\/nimblecamper.com\/de\/wp-json\/wp\/v2\/product_brand?post=2010419"},{"taxonomy":"product_cat","embeddable":true,"href":"https:\/\/nimblecamper.com\/de\/wp-json\/wp\/v2\/product_cat?post=2010419"},{"taxonomy":"product_tag","embeddable":true,"href":"https:\/\/nimblecamper.com\/de\/wp-json\/wp\/v2\/product_tag?post=2010419"}],"curies":[{"name":"wp","href":"https:\/\/api.w.org\/{rel}","templated":true}]}}